{"id":4377,"date":"2018-11-20T20:41:14","date_gmt":"2018-11-20T18:41:14","guid":{"rendered":"https:\/\/blog.ociomodell.com\/wordpress\/?page_id=4377"},"modified":"2018-11-20T21:00:19","modified_gmt":"2018-11-20T19:00:19","slug":"hercules-c-130-de-david-perez","status":"publish","type":"page","link":"https:\/\/blog.ociomodell.com\/wordpress\/mis-casitas-de-munecas\/fotos-de-modelos\/aviones\/hercules-c-130-de-david-perez\/","title":{"rendered":"Hercules C-130"},"content":{"rendered":"<p>H\u00e9rcules C-130, espa\u00f1ol de camuflaje, escala 1\/72 de airfix, con calcas de tren militar\u00eda. Hecho por David Perez.<\/p>\n<p>&nbsp;<\/p>\n\n\t\t<style type=\"text\/css\">\n\t\t\t#gallery-1 {\n\t\t\t\tmargin: auto;\n\t\t\t}\n\t\t\t#gallery-1 .gallery-item {\n\t\t\t\tfloat: left;\n\t\t\t\tmargin-top: 10px;\n\t\t\t\ttext-align: center;\n\t\t\t\twidth: 100%;\n\t\t\t}\n\t\t\t#gallery-1 img {\n\t\t\t\tborder: 2px solid #cfcfcf;\n\t\t\t}\n\t\t\t#gallery-1 .gallery-caption {\n\t\t\t\tmargin-left: 0;\n\t\t\t}\n\t\t\t\/* see gallery_shortcode() in wp-includes\/media.php *\/\n\t\t<\/style>\n\t\t<div data-carousel-extra='{&quot;blog_id&quot;:1,&quot;permalink&quot;:&quot;https:\/\/blog.ociomodell.com\/wordpress\/mis-casitas-de-munecas\/fotos-de-modelos\/aviones\/hercules-c-130-de-david-perez\/&quot;}' id='gallery-1' class='gallery galleryid-4377 gallery-columns-1 gallery-size-large'><dl class='gallery-item'>\n\t\t\t<dt class='gallery-icon landscape'>\n\t\t\t\t<a href='https:\/\/blog.ociomodell.com\/wordpress\/mis-casitas-de-munecas\/fotos-de-modelos\/aviones\/hercules-c-130-de-david-perez\/dav\/'><img loading=\"lazy\" decoding=\"async\" width=\"1024\" height=\"768\" src=\"https:\/\/blog.ociomodell.com\/wordpress\/wp-content\/uploads\/2018\/11\/IMG_20180916_143457-1024x768.jpg\" class=\"attachment-large size-large\" alt=\"H\u00e9rcules C-130, espa\u00f1ol de camuflaje, escala 1\/72 de airfix, con calcas de tren militar\u00eda. Hecho por David Perez.\" aria-describedby=\"gallery-1-4378\" srcset=\"https:\/\/blog.ociomodell.com\/wordpress\/wp-content\/uploads\/2018\/11\/IMG_20180916_143457.jpg 1024w, https:\/\/blog.ociomodell.com\/wordpress\/wp-content\/uploads\/2018\/11\/IMG_20180916_143457-300x225.jpg 300w, https:\/\/blog.ociomodell.com\/wordpress\/wp-content\/uploads\/2018\/11\/IMG_20180916_143457-768x576.jpg 768w, https:\/\/blog.ociomodell.com\/wordpress\/wp-content\/uploads\/2018\/11\/IMG_20180916_143457-250x188.jpg 250w\" sizes=\"auto, (max-width: 1024px) 100vw, 1024px\" data-attachment-id=\"4378\" data-permalink=\"https:\/\/blog.ociomodell.com\/wordpress\/mis-casitas-de-munecas\/fotos-de-modelos\/aviones\/hercules-c-130-de-david-perez\/dav\/\" data-orig-file=\"https:\/\/blog.ociomodell.com\/wordpress\/wp-content\/uploads\/2018\/11\/IMG_20180916_143457.jpg\" data-orig-size=\"1024,768\" data-comments-opened=\"1\" data-image-meta=\"{&quot;aperture&quot;:&quot;2&quot;,&quot;credit&quot;:&quot;&quot;,&quot;camera&quot;:&quot;HUAWEI VNS-L31&quot;,&quot;caption&quot;:&quot;dav&quot;,&quot;created_timestamp&quot;:&quot;1537108495&quot;,&quot;copyright&quot;:&quot;info@ociomodell.com&quot;,&quot;focal_length&quot;:&quot;3,79&quot;,&quot;iso&quot;:&quot;50&quot;,&quot;shutter_speed&quot;:&quot;0,009022&quot;,&quot;title&quot;:&quot;dav&quot;,&quot;orientation&quot;:&quot;1&quot;}\" data-image-title=\"H\u00e9rcules C-130, espa\u00f1ol de camuflaje, escala 1\/72 de airfix, con calcas de tren militar\u00eda. Hecho por David Perez.\" data-image-description=\"&lt;p&gt;H\u00e9rcules C-130, espa\u00f1ol de camuflaje, escala 1\/72 de airfix, con calcas de tren militar\u00eda. Hecho por David Perez.&lt;\/p&gt;\n\" data-image-caption=\"&lt;p&gt;H\u00e9rcules C-130, espa\u00f1ol de camuflaje, escala 1\/72 de airfix, con calcas de tren militar\u00eda. Hecho por David Perez.&lt;\/p&gt;\n\" data-large-file=\"https:\/\/blog.ociomodell.com\/wordpress\/wp-content\/uploads\/2018\/11\/IMG_20180916_143457-1024x768.jpg\" title=\"\"><\/a>\n\t\t\t<\/dt>\n\t\t\t\t<dd class='wp-caption-text gallery-caption' id='gallery-1-4378'>\n\t\t\t\tH\u00e9rcules C-130, espa\u00f1ol de camuflaje, escala 1\/72 de airfix, con calcas de tren militar\u00eda. Hecho por David Perez.\n\t\t\t\t<\/dd><\/dl><br style=\"clear: both\" \/><dl class='gallery-item'>\n\t\t\t<dt class='gallery-icon landscape'>\n\t\t\t\t<a href='https:\/\/blog.ociomodell.com\/wordpress\/mis-casitas-de-munecas\/fotos-de-modelos\/aviones\/hercules-c-130-de-david-perez\/img_20181120_154913\/'><img loading=\"lazy\" decoding=\"async\" width=\"1024\" height=\"759\" src=\"https:\/\/blog.ociomodell.com\/wordpress\/wp-content\/uploads\/2018\/11\/IMG_20181120_154913-1024x759.jpg\" class=\"attachment-large size-large\" alt=\"H\u00e9rcules C-130, espa\u00f1ol de camuflaje, escala 1\/72 de airfix, con calcas de tren militar\u00eda. Hecho por David Perez.\" aria-describedby=\"gallery-1-4379\" srcset=\"https:\/\/blog.ociomodell.com\/wordpress\/wp-content\/uploads\/2018\/11\/IMG_20181120_154913.jpg 1024w, https:\/\/blog.ociomodell.com\/wordpress\/wp-content\/uploads\/2018\/11\/IMG_20181120_154913-300x222.jpg 300w, https:\/\/blog.ociomodell.com\/wordpress\/wp-content\/uploads\/2018\/11\/IMG_20181120_154913-768x569.jpg 768w, https:\/\/blog.ociomodell.com\/wordpress\/wp-content\/uploads\/2018\/11\/IMG_20181120_154913-250x185.jpg 250w\" sizes=\"auto, (max-width: 1024px) 100vw, 1024px\" data-attachment-id=\"4379\" data-permalink=\"https:\/\/blog.ociomodell.com\/wordpress\/mis-casitas-de-munecas\/fotos-de-modelos\/aviones\/hercules-c-130-de-david-perez\/img_20181120_154913\/\" data-orig-file=\"https:\/\/blog.ociomodell.com\/wordpress\/wp-content\/uploads\/2018\/11\/IMG_20181120_154913.jpg\" data-orig-size=\"1024,759\" data-comments-opened=\"1\" data-image-meta=\"{&quot;aperture&quot;:&quot;1,9&quot;,&quot;credit&quot;:&quot;&quot;,&quot;camera&quot;:&quot;Aquaris E5&quot;,&quot;caption&quot;:&quot;&quot;,&quot;created_timestamp&quot;:&quot;1542728953&quot;,&quot;copyright&quot;:&quot;info@ociomodell.com&quot;,&quot;focal_length&quot;:&quot;4,6&quot;,&quot;iso&quot;:&quot;200&quot;,&quot;shutter_speed&quot;:&quot;0,05&quot;,&quot;title&quot;:&quot;&quot;,&quot;orientation&quot;:&quot;1&quot;}\" data-image-title=\"H\u00e9rcules C-130, espa\u00f1ol de camuflaje, escala 1\/72 de airfix, con calcas de tren militar\u00eda. Hecho por David Perez.\" data-image-description=\"&lt;p&gt;H\u00e9rcules C-130, espa\u00f1ol de camuflaje, escala 1\/72 de airfix, con calcas de tren militar\u00eda. Hecho por David Perez.&lt;\/p&gt;\n\" data-image-caption=\"&lt;p&gt;H\u00e9rcules C-130, espa\u00f1ol de camuflaje, escala 1\/72 de airfix, con calcas de tren militar\u00eda. Hecho por David Perez.&lt;\/p&gt;\n\" data-large-file=\"https:\/\/blog.ociomodell.com\/wordpress\/wp-content\/uploads\/2018\/11\/IMG_20181120_154913-1024x759.jpg\" title=\"\"><\/a>\n\t\t\t<\/dt>\n\t\t\t\t<dd class='wp-caption-text gallery-caption' id='gallery-1-4379'>\n\t\t\t\tH\u00e9rcules C-130, espa\u00f1ol de camuflaje, escala 1\/72 de airfix, con calcas de tren militar\u00eda. Hecho por David Perez.\n\t\t\t\t<\/dd><\/dl><br style=\"clear: both\" \/><dl class='gallery-item'>\n\t\t\t<dt class='gallery-icon landscape'>\n\t\t\t\t<a href='https:\/\/blog.ociomodell.com\/wordpress\/mis-casitas-de-munecas\/fotos-de-modelos\/aviones\/hercules-c-130-de-david-perez\/dav-2\/'><img loading=\"lazy\" decoding=\"async\" width=\"1024\" height=\"768\" src=\"https:\/\/blog.ociomodell.com\/wordpress\/wp-content\/uploads\/2018\/11\/IMG_20180916_143450-1024x768.jpg\" class=\"attachment-large size-large\" alt=\"H\u00e9rcules C-130, espa\u00f1ol de camuflaje, escala 1\/72 de airfix, con calcas de tren militar\u00eda. Hecho por David Perez.\" aria-describedby=\"gallery-1-4380\" srcset=\"https:\/\/blog.ociomodell.com\/wordpress\/wp-content\/uploads\/2018\/11\/IMG_20180916_143450.jpg 1024w, https:\/\/blog.ociomodell.com\/wordpress\/wp-content\/uploads\/2018\/11\/IMG_20180916_143450-300x225.jpg 300w, https:\/\/blog.ociomodell.com\/wordpress\/wp-content\/uploads\/2018\/11\/IMG_20180916_143450-768x576.jpg 768w, https:\/\/blog.ociomodell.com\/wordpress\/wp-content\/uploads\/2018\/11\/IMG_20180916_143450-250x188.jpg 250w\" sizes=\"auto, (max-width: 1024px) 100vw, 1024px\" data-attachment-id=\"4380\" data-permalink=\"https:\/\/blog.ociomodell.com\/wordpress\/mis-casitas-de-munecas\/fotos-de-modelos\/aviones\/hercules-c-130-de-david-perez\/dav-2\/\" data-orig-file=\"https:\/\/blog.ociomodell.com\/wordpress\/wp-content\/uploads\/2018\/11\/IMG_20180916_143450.jpg\" data-orig-size=\"1024,768\" data-comments-opened=\"1\" data-image-meta=\"{&quot;aperture&quot;:&quot;2&quot;,&quot;credit&quot;:&quot;&quot;,&quot;camera&quot;:&quot;HUAWEI VNS-L31&quot;,&quot;caption&quot;:&quot;dav&quot;,&quot;created_timestamp&quot;:&quot;1537108491&quot;,&quot;copyright&quot;:&quot;info@ociomodell.com&quot;,&quot;focal_length&quot;:&quot;3,79&quot;,&quot;iso&quot;:&quot;50&quot;,&quot;shutter_speed&quot;:&quot;0,004151&quot;,&quot;title&quot;:&quot;dav&quot;,&quot;orientation&quot;:&quot;1&quot;}\" data-image-title=\"H\u00e9rcules C-130, espa\u00f1ol de camuflaje, escala 1\/72 de airfix, con calcas de tren militar\u00eda. Hecho por David Perez.\" data-image-description=\"&lt;p&gt;H\u00e9rcules C-130, espa\u00f1ol de camuflaje, escala 1\/72 de airfix, con calcas de tren militar\u00eda. Hecho por David Perez.&lt;\/p&gt;\n\" data-image-caption=\"&lt;p&gt;H\u00e9rcules C-130, espa\u00f1ol de camuflaje, escala 1\/72 de airfix, con calcas de tren militar\u00eda. Hecho por David Perez.&lt;\/p&gt;\n\" data-large-file=\"https:\/\/blog.ociomodell.com\/wordpress\/wp-content\/uploads\/2018\/11\/IMG_20180916_143450-1024x768.jpg\" title=\"\"><\/a>\n\t\t\t<\/dt>\n\t\t\t\t<dd class='wp-caption-text gallery-caption' id='gallery-1-4380'>\n\t\t\t\tH\u00e9rcules C-130, espa\u00f1ol de camuflaje, escala 1\/72 de airfix, con calcas de tren militar\u00eda. Hecho por David Perez.\n\t\t\t\t<\/dd><\/dl><br style=\"clear: both\" \/><dl class='gallery-item'>\n\t\t\t<dt class='gallery-icon landscape'>\n\t\t\t\t<a href='https:\/\/blog.ociomodell.com\/wordpress\/mis-casitas-de-munecas\/fotos-de-modelos\/aviones\/hercules-c-130-de-david-perez\/img_20181120_155614\/'><img loading=\"lazy\" decoding=\"async\" width=\"1024\" height=\"759\" src=\"https:\/\/blog.ociomodell.com\/wordpress\/wp-content\/uploads\/2018\/11\/IMG_20181120_155614-1024x759.jpg\" class=\"attachment-large size-large\" alt=\"H\u00e9rcules C-130, espa\u00f1ol de camuflaje, escala 1\/72 de airfix, con calcas de tren militar\u00eda. Hecho por David Perez.\" aria-describedby=\"gallery-1-4381\" srcset=\"https:\/\/blog.ociomodell.com\/wordpress\/wp-content\/uploads\/2018\/11\/IMG_20181120_155614.jpg 1024w, https:\/\/blog.ociomodell.com\/wordpress\/wp-content\/uploads\/2018\/11\/IMG_20181120_155614-300x222.jpg 300w, https:\/\/blog.ociomodell.com\/wordpress\/wp-content\/uploads\/2018\/11\/IMG_20181120_155614-768x569.jpg 768w, https:\/\/blog.ociomodell.com\/wordpress\/wp-content\/uploads\/2018\/11\/IMG_20181120_155614-250x185.jpg 250w\" sizes=\"auto, (max-width: 1024px) 100vw, 1024px\" data-attachment-id=\"4381\" data-permalink=\"https:\/\/blog.ociomodell.com\/wordpress\/mis-casitas-de-munecas\/fotos-de-modelos\/aviones\/hercules-c-130-de-david-perez\/img_20181120_155614\/\" data-orig-file=\"https:\/\/blog.ociomodell.com\/wordpress\/wp-content\/uploads\/2018\/11\/IMG_20181120_155614.jpg\" data-orig-size=\"1024,759\" data-comments-opened=\"1\" data-image-meta=\"{&quot;aperture&quot;:&quot;1,9&quot;,&quot;credit&quot;:&quot;&quot;,&quot;camera&quot;:&quot;Aquaris E5&quot;,&quot;caption&quot;:&quot;&quot;,&quot;created_timestamp&quot;:&quot;1542729374&quot;,&quot;copyright&quot;:&quot;info@ociomodell.com&quot;,&quot;focal_length&quot;:&quot;4,6&quot;,&quot;iso&quot;:&quot;300&quot;,&quot;shutter_speed&quot;:&quot;0,05&quot;,&quot;title&quot;:&quot;&quot;,&quot;orientation&quot;:&quot;1&quot;}\" data-image-title=\"IMG_20181120_155614\" data-image-description=\"&lt;p&gt;H\u00e9rcules C-130, espa\u00f1ol de camuflaje, escala 1\/72 de airfix, con calcas de tren militar\u00eda. Hecho por David Perez.&lt;\/p&gt;\n\" data-image-caption=\"&lt;p&gt;H\u00e9rcules C-130, espa\u00f1ol de camuflaje, escala 1\/72 de airfix, con calcas de tren militar\u00eda. Hecho por David Perez.&lt;\/p&gt;\n\" data-large-file=\"https:\/\/blog.ociomodell.com\/wordpress\/wp-content\/uploads\/2018\/11\/IMG_20181120_155614-1024x759.jpg\" title=\"\"><\/a>\n\t\t\t<\/dt>\n\t\t\t\t<dd class='wp-caption-text gallery-caption' id='gallery-1-4381'>\n\t\t\t\tH\u00e9rcules C-130, espa\u00f1ol de camuflaje, escala 1\/72 de airfix, con calcas de tren militar\u00eda. Hecho por David Perez.\n\t\t\t\t<\/dd><\/dl><br style=\"clear: both\" \/><dl class='gallery-item'>\n\t\t\t<dt class='gallery-icon landscape'>\n\t\t\t\t<a href='https:\/\/blog.ociomodell.com\/wordpress\/mis-casitas-de-munecas\/fotos-de-modelos\/aviones\/hercules-c-130-de-david-perez\/dav-3\/'><img loading=\"lazy\" decoding=\"async\" width=\"1024\" height=\"768\" src=\"https:\/\/blog.ociomodell.com\/wordpress\/wp-content\/uploads\/2018\/11\/IMG_20180916_143518-1024x768.jpg\" class=\"attachment-large size-large\" alt=\"H\u00e9rcules C-130, espa\u00f1ol de camuflaje, escala 1\/72 de airfix, con calcas de tren militar\u00eda. Hecho por David Perez.\" aria-describedby=\"gallery-1-4382\" srcset=\"https:\/\/blog.ociomodell.com\/wordpress\/wp-content\/uploads\/2018\/11\/IMG_20180916_143518.jpg 1024w, https:\/\/blog.ociomodell.com\/wordpress\/wp-content\/uploads\/2018\/11\/IMG_20180916_143518-300x225.jpg 300w, https:\/\/blog.ociomodell.com\/wordpress\/wp-content\/uploads\/2018\/11\/IMG_20180916_143518-768x576.jpg 768w, https:\/\/blog.ociomodell.com\/wordpress\/wp-content\/uploads\/2018\/11\/IMG_20180916_143518-250x188.jpg 250w\" sizes=\"auto, (max-width: 1024px) 100vw, 1024px\" data-attachment-id=\"4382\" data-permalink=\"https:\/\/blog.ociomodell.com\/wordpress\/mis-casitas-de-munecas\/fotos-de-modelos\/aviones\/hercules-c-130-de-david-perez\/dav-3\/\" data-orig-file=\"https:\/\/blog.ociomodell.com\/wordpress\/wp-content\/uploads\/2018\/11\/IMG_20180916_143518.jpg\" data-orig-size=\"1024,768\" data-comments-opened=\"1\" data-image-meta=\"{&quot;aperture&quot;:&quot;2&quot;,&quot;credit&quot;:&quot;&quot;,&quot;camera&quot;:&quot;HUAWEI VNS-L31&quot;,&quot;caption&quot;:&quot;dav&quot;,&quot;created_timestamp&quot;:&quot;1537108517&quot;,&quot;copyright&quot;:&quot;info@ociomodell.com&quot;,&quot;focal_length&quot;:&quot;3,79&quot;,&quot;iso&quot;:&quot;50&quot;,&quot;shutter_speed&quot;:&quot;0,004353&quot;,&quot;title&quot;:&quot;dav&quot;,&quot;orientation&quot;:&quot;1&quot;}\" data-image-title=\"H\u00e9rcules C-130, espa\u00f1ol de camuflaje, escala 1\/72 de airfix, con calcas de tren militar\u00eda. Hecho por David Perez.\" data-image-description=\"&lt;p&gt;H\u00e9rcules C-130, espa\u00f1ol de camuflaje, escala 1\/72 de airfix, con calcas de tren militar\u00eda. Hecho por David Perez.&lt;\/p&gt;\n\" data-image-caption=\"&lt;p&gt;H\u00e9rcules C-130, espa\u00f1ol de camuflaje, escala 1\/72 de airfix, con calcas de tren militar\u00eda. Hecho por David Perez.&lt;\/p&gt;\n\" data-large-file=\"https:\/\/blog.ociomodell.com\/wordpress\/wp-content\/uploads\/2018\/11\/IMG_20180916_143518-1024x768.jpg\" title=\"\"><\/a>\n\t\t\t<\/dt>\n\t\t\t\t<dd class='wp-caption-text gallery-caption' id='gallery-1-4382'>\n\t\t\t\tH\u00e9rcules C-130, espa\u00f1ol de camuflaje, escala 1\/72 de airfix, con calcas de tren militar\u00eda. Hecho por David Perez.\n\t\t\t\t<\/dd><\/dl><br style=\"clear: both\" \/><dl class='gallery-item'>\n\t\t\t<dt class='gallery-icon landscape'>\n\t\t\t\t<a href='https:\/\/blog.ociomodell.com\/wordpress\/mis-casitas-de-munecas\/fotos-de-modelos\/aviones\/hercules-c-130-de-david-perez\/dav-4\/'><img loading=\"lazy\" decoding=\"async\" width=\"1024\" height=\"768\" src=\"https:\/\/blog.ociomodell.com\/wordpress\/wp-content\/uploads\/2018\/11\/IMG_20180916_143502-1024x768.jpg\" class=\"attachment-large size-large\" alt=\"H\u00e9rcules C-130, espa\u00f1ol de camuflaje, escala 1\/72 de airfix, con calcas de tren militar\u00eda. Hecho por David Perez.\" aria-describedby=\"gallery-1-4383\" srcset=\"https:\/\/blog.ociomodell.com\/wordpress\/wp-content\/uploads\/2018\/11\/IMG_20180916_143502.jpg 1024w, https:\/\/blog.ociomodell.com\/wordpress\/wp-content\/uploads\/2018\/11\/IMG_20180916_143502-300x225.jpg 300w, https:\/\/blog.ociomodell.com\/wordpress\/wp-content\/uploads\/2018\/11\/IMG_20180916_143502-768x576.jpg 768w, https:\/\/blog.ociomodell.com\/wordpress\/wp-content\/uploads\/2018\/11\/IMG_20180916_143502-250x188.jpg 250w\" sizes=\"auto, (max-width: 1024px) 100vw, 1024px\" data-attachment-id=\"4383\" data-permalink=\"https:\/\/blog.ociomodell.com\/wordpress\/mis-casitas-de-munecas\/fotos-de-modelos\/aviones\/hercules-c-130-de-david-perez\/dav-4\/\" data-orig-file=\"https:\/\/blog.ociomodell.com\/wordpress\/wp-content\/uploads\/2018\/11\/IMG_20180916_143502.jpg\" data-orig-size=\"1024,768\" data-comments-opened=\"1\" data-image-meta=\"{&quot;aperture&quot;:&quot;2&quot;,&quot;credit&quot;:&quot;&quot;,&quot;camera&quot;:&quot;HUAWEI VNS-L31&quot;,&quot;caption&quot;:&quot;dav&quot;,&quot;created_timestamp&quot;:&quot;1537108501&quot;,&quot;copyright&quot;:&quot;info@ociomodell.com&quot;,&quot;focal_length&quot;:&quot;3,79&quot;,&quot;iso&quot;:&quot;50&quot;,&quot;shutter_speed&quot;:&quot;0,00803&quot;,&quot;title&quot;:&quot;dav&quot;,&quot;orientation&quot;:&quot;1&quot;}\" data-image-title=\"dav\" data-image-description=\"&lt;p&gt;H\u00e9rcules C-130, espa\u00f1ol de camuflaje, escala 1\/72 de airfix, con calcas de tren militar\u00eda. Hecho por David Perez.&lt;\/p&gt;\n\" data-image-caption=\"&lt;p&gt;H\u00e9rcules C-130, espa\u00f1ol de camuflaje, escala 1\/72 de airfix, con calcas de tren militar\u00eda. Hecho por David Perez.&lt;\/p&gt;\n\" data-large-file=\"https:\/\/blog.ociomodell.com\/wordpress\/wp-content\/uploads\/2018\/11\/IMG_20180916_143502-1024x768.jpg\" title=\"\"><\/a>\n\t\t\t<\/dt>\n\t\t\t\t<dd class='wp-caption-text gallery-caption' id='gallery-1-4383'>\n\t\t\t\tH\u00e9rcules C-130, espa\u00f1ol de camuflaje, escala 1\/72 de airfix, con calcas de tren militar\u00eda. Hecho por David Perez.\n\t\t\t\t<\/dd><\/dl><br style=\"clear: both\" \/><dl class='gallery-item'>\n\t\t\t<dt class='gallery-icon landscape'>\n\t\t\t\t<a href='https:\/\/blog.ociomodell.com\/wordpress\/mis-casitas-de-munecas\/fotos-de-modelos\/aviones\/hercules-c-130-de-david-perez\/img_20181120_154920\/'><img loading=\"lazy\" decoding=\"async\" width=\"1024\" height=\"759\" src=\"https:\/\/blog.ociomodell.com\/wordpress\/wp-content\/uploads\/2018\/11\/IMG_20181120_154920-1024x759.jpg\" class=\"attachment-large size-large\" alt=\"H\u00e9rcules C-130, espa\u00f1ol de camuflaje, escala 1\/72 de airfix, con calcas de tren militar\u00eda. Hecho por David Perez.\" aria-describedby=\"gallery-1-4384\" srcset=\"https:\/\/blog.ociomodell.com\/wordpress\/wp-content\/uploads\/2018\/11\/IMG_20181120_154920.jpg 1024w, https:\/\/blog.ociomodell.com\/wordpress\/wp-content\/uploads\/2018\/11\/IMG_20181120_154920-300x222.jpg 300w, https:\/\/blog.ociomodell.com\/wordpress\/wp-content\/uploads\/2018\/11\/IMG_20181120_154920-768x569.jpg 768w, https:\/\/blog.ociomodell.com\/wordpress\/wp-content\/uploads\/2018\/11\/IMG_20181120_154920-250x185.jpg 250w\" sizes=\"auto, (max-width: 1024px) 100vw, 1024px\" data-attachment-id=\"4384\" data-permalink=\"https:\/\/blog.ociomodell.com\/wordpress\/mis-casitas-de-munecas\/fotos-de-modelos\/aviones\/hercules-c-130-de-david-perez\/img_20181120_154920\/\" data-orig-file=\"https:\/\/blog.ociomodell.com\/wordpress\/wp-content\/uploads\/2018\/11\/IMG_20181120_154920.jpg\" data-orig-size=\"1024,759\" data-comments-opened=\"1\" data-image-meta=\"{&quot;aperture&quot;:&quot;1,9&quot;,&quot;credit&quot;:&quot;&quot;,&quot;camera&quot;:&quot;Aquaris E5&quot;,&quot;caption&quot;:&quot;&quot;,&quot;created_timestamp&quot;:&quot;1542728960&quot;,&quot;copyright&quot;:&quot;info@ociomodell.com&quot;,&quot;focal_length&quot;:&quot;4,6&quot;,&quot;iso&quot;:&quot;200&quot;,&quot;shutter_speed&quot;:&quot;0,05&quot;,&quot;title&quot;:&quot;&quot;,&quot;orientation&quot;:&quot;1&quot;}\" data-image-title=\"H\u00e9rcules C-130, espa\u00f1ol de camuflaje, escala 1\/72 de airfix, con calcas de tren militar\u00eda. Hecho por David Perez.\" data-image-description=\"&lt;p&gt;H\u00e9rcules C-130, espa\u00f1ol de camuflaje, escala 1\/72 de airfix, con calcas de tren militar\u00eda. Hecho por David Perez.&lt;\/p&gt;\n\" data-image-caption=\"&lt;p&gt;H\u00e9rcules C-130, espa\u00f1ol de camuflaje, escala 1\/72 de airfix, con calcas de tren militar\u00eda. Hecho por David Perez.&lt;\/p&gt;\n\" data-large-file=\"https:\/\/blog.ociomodell.com\/wordpress\/wp-content\/uploads\/2018\/11\/IMG_20181120_154920-1024x759.jpg\" title=\"\"><\/a>\n\t\t\t<\/dt>\n\t\t\t\t<dd class='wp-caption-text gallery-caption' id='gallery-1-4384'>\n\t\t\t\tH\u00e9rcules C-130, espa\u00f1ol de camuflaje, escala 1\/72 de airfix, con calcas de tren militar\u00eda. Hecho por David Perez.\n\t\t\t\t<\/dd><\/dl><br style=\"clear: both\" \/><dl class='gallery-item'>\n\t\t\t<dt class='gallery-icon landscape'>\n\t\t\t\t<a href='https:\/\/blog.ociomodell.com\/wordpress\/mis-casitas-de-munecas\/fotos-de-modelos\/aviones\/hercules-c-130-de-david-perez\/img_20181120_155637\/'><img loading=\"lazy\" decoding=\"async\" width=\"1024\" height=\"759\" src=\"https:\/\/blog.ociomodell.com\/wordpress\/wp-content\/uploads\/2018\/11\/IMG_20181120_155637-1024x759.jpg\" class=\"attachment-large size-large\" alt=\"H\u00e9rcules C-130, espa\u00f1ol de camuflaje, escala 1\/72 de airfix, con calcas de tren militar\u00eda. Hecho por David Perez.\" aria-describedby=\"gallery-1-4385\" srcset=\"https:\/\/blog.ociomodell.com\/wordpress\/wp-content\/uploads\/2018\/11\/IMG_20181120_155637.jpg 1024w, https:\/\/blog.ociomodell.com\/wordpress\/wp-content\/uploads\/2018\/11\/IMG_20181120_155637-300x222.jpg 300w, https:\/\/blog.ociomodell.com\/wordpress\/wp-content\/uploads\/2018\/11\/IMG_20181120_155637-768x569.jpg 768w, https:\/\/blog.ociomodell.com\/wordpress\/wp-content\/uploads\/2018\/11\/IMG_20181120_155637-250x185.jpg 250w\" sizes=\"auto, (max-width: 1024px) 100vw, 1024px\" data-attachment-id=\"4385\" data-permalink=\"https:\/\/blog.ociomodell.com\/wordpress\/mis-casitas-de-munecas\/fotos-de-modelos\/aviones\/hercules-c-130-de-david-perez\/img_20181120_155637\/\" data-orig-file=\"https:\/\/blog.ociomodell.com\/wordpress\/wp-content\/uploads\/2018\/11\/IMG_20181120_155637.jpg\" data-orig-size=\"1024,759\" data-comments-opened=\"1\" data-image-meta=\"{&quot;aperture&quot;:&quot;1,9&quot;,&quot;credit&quot;:&quot;&quot;,&quot;camera&quot;:&quot;Aquaris E5&quot;,&quot;caption&quot;:&quot;&quot;,&quot;created_timestamp&quot;:&quot;1542729397&quot;,&quot;copyright&quot;:&quot;info@ociomodell.com&quot;,&quot;focal_length&quot;:&quot;4,6&quot;,&quot;iso&quot;:&quot;300&quot;,&quot;shutter_speed&quot;:&quot;0,05&quot;,&quot;title&quot;:&quot;&quot;,&quot;orientation&quot;:&quot;1&quot;}\" data-image-title=\"H\u00e9rcules C-130, espa\u00f1ol de camuflaje, escala 1\/72 de airfix, con calcas de tren militar\u00eda. Hecho por David Perez.\" data-image-description=\"&lt;p&gt;H\u00e9rcules C-130, espa\u00f1ol de camuflaje, escala 1\/72 de airfix, con calcas de tren militar\u00eda. Hecho por David Perez.&lt;\/p&gt;\n\" data-image-caption=\"&lt;p&gt;H\u00e9rcules C-130, espa\u00f1ol de camuflaje, escala 1\/72 de airfix, con calcas de tren militar\u00eda. Hecho por David Perez.&lt;\/p&gt;\n\" data-large-file=\"https:\/\/blog.ociomodell.com\/wordpress\/wp-content\/uploads\/2018\/11\/IMG_20181120_155637-1024x759.jpg\" title=\"\"><\/a>\n\t\t\t<\/dt>\n\t\t\t\t<dd class='wp-caption-text gallery-caption' id='gallery-1-4385'>\n\t\t\t\tH\u00e9rcules C-130, espa\u00f1ol de camuflaje, escala 1\/72 de airfix, con calcas de tren militar\u00eda. Hecho por David Perez.\n\t\t\t\t<\/dd><\/dl><br style=\"clear: both\" \/><dl class='gallery-item'>\n\t\t\t<dt class='gallery-icon landscape'>\n\t\t\t\t<a href='https:\/\/blog.ociomodell.com\/wordpress\/mis-casitas-de-munecas\/fotos-de-modelos\/aviones\/hercules-c-130-de-david-perez\/img_20181120_154925\/'><img loading=\"lazy\" decoding=\"async\" width=\"1024\" height=\"759\" src=\"https:\/\/blog.ociomodell.com\/wordpress\/wp-content\/uploads\/2018\/11\/IMG_20181120_154925-1024x759.jpg\" class=\"attachment-large size-large\" alt=\"H\u00e9rcules C-130, espa\u00f1ol de camuflaje, escala 1\/72 de airfix, con calcas de tren militar\u00eda. Hecho por David Perez.\" aria-describedby=\"gallery-1-4386\" srcset=\"https:\/\/blog.ociomodell.com\/wordpress\/wp-content\/uploads\/2018\/11\/IMG_20181120_154925.jpg 1024w, https:\/\/blog.ociomodell.com\/wordpress\/wp-content\/uploads\/2018\/11\/IMG_20181120_154925-300x222.jpg 300w, https:\/\/blog.ociomodell.com\/wordpress\/wp-content\/uploads\/2018\/11\/IMG_20181120_154925-768x569.jpg 768w, https:\/\/blog.ociomodell.com\/wordpress\/wp-content\/uploads\/2018\/11\/IMG_20181120_154925-250x185.jpg 250w\" sizes=\"auto, (max-width: 1024px) 100vw, 1024px\" data-attachment-id=\"4386\" data-permalink=\"https:\/\/blog.ociomodell.com\/wordpress\/mis-casitas-de-munecas\/fotos-de-modelos\/aviones\/hercules-c-130-de-david-perez\/img_20181120_154925\/\" data-orig-file=\"https:\/\/blog.ociomodell.com\/wordpress\/wp-content\/uploads\/2018\/11\/IMG_20181120_154925.jpg\" data-orig-size=\"1024,759\" data-comments-opened=\"1\" data-image-meta=\"{&quot;aperture&quot;:&quot;1,9&quot;,&quot;credit&quot;:&quot;&quot;,&quot;camera&quot;:&quot;Aquaris E5&quot;,&quot;caption&quot;:&quot;&quot;,&quot;created_timestamp&quot;:&quot;1542728965&quot;,&quot;copyright&quot;:&quot;info@ociomodell.com&quot;,&quot;focal_length&quot;:&quot;4,6&quot;,&quot;iso&quot;:&quot;100&quot;,&quot;shutter_speed&quot;:&quot;0,05&quot;,&quot;title&quot;:&quot;&quot;,&quot;orientation&quot;:&quot;1&quot;}\" data-image-title=\"H\u00e9rcules C-130, espa\u00f1ol de camuflaje, escala 1\/72 de airfix, con calcas de tren militar\u00eda. Hecho por David Perez.\" data-image-description=\"&lt;p&gt;H\u00e9rcules C-130, espa\u00f1ol de camuflaje, escala 1\/72 de airfix, con calcas de tren militar\u00eda. Hecho por David Perez.&lt;\/p&gt;\n\" data-image-caption=\"&lt;p&gt;H\u00e9rcules C-130, espa\u00f1ol de camuflaje, escala 1\/72 de airfix, con calcas de tren militar\u00eda. Hecho por David Perez.&lt;\/p&gt;\n\" data-large-file=\"https:\/\/blog.ociomodell.com\/wordpress\/wp-content\/uploads\/2018\/11\/IMG_20181120_154925-1024x759.jpg\" title=\"\"><\/a>\n\t\t\t<\/dt>\n\t\t\t\t<dd class='wp-caption-text gallery-caption' id='gallery-1-4386'>\n\t\t\t\tH\u00e9rcules C-130, espa\u00f1ol de camuflaje, escala 1\/72 de airfix, con calcas de tren militar\u00eda. Hecho por David Perez.\n\t\t\t\t<\/dd><\/dl><br style=\"clear: both\" \/><dl class='gallery-item'>\n\t\t\t<dt class='gallery-icon landscape'>\n\t\t\t\t<a href='https:\/\/blog.ociomodell.com\/wordpress\/mis-casitas-de-munecas\/fotos-de-modelos\/aviones\/hercules-c-130-de-david-perez\/img_20181120_155647\/'><img loading=\"lazy\" decoding=\"async\" width=\"1024\" height=\"759\" src=\"https:\/\/blog.ociomodell.com\/wordpress\/wp-content\/uploads\/2018\/11\/IMG_20181120_155647-1024x759.jpg\" class=\"attachment-large size-large\" alt=\"H\u00e9rcules C-130, espa\u00f1ol de camuflaje, escala 1\/72 de airfix, con calcas de tren militar\u00eda. Hecho por David Perez.\" aria-describedby=\"gallery-1-4387\" srcset=\"https:\/\/blog.ociomodell.com\/wordpress\/wp-content\/uploads\/2018\/11\/IMG_20181120_155647.jpg 1024w, https:\/\/blog.ociomodell.com\/wordpress\/wp-content\/uploads\/2018\/11\/IMG_20181120_155647-300x222.jpg 300w, https:\/\/blog.ociomodell.com\/wordpress\/wp-content\/uploads\/2018\/11\/IMG_20181120_155647-768x569.jpg 768w, https:\/\/blog.ociomodell.com\/wordpress\/wp-content\/uploads\/2018\/11\/IMG_20181120_155647-250x185.jpg 250w\" sizes=\"auto, (max-width: 1024px) 100vw, 1024px\" data-attachment-id=\"4387\" data-permalink=\"https:\/\/blog.ociomodell.com\/wordpress\/mis-casitas-de-munecas\/fotos-de-modelos\/aviones\/hercules-c-130-de-david-perez\/img_20181120_155647\/\" data-orig-file=\"https:\/\/blog.ociomodell.com\/wordpress\/wp-content\/uploads\/2018\/11\/IMG_20181120_155647.jpg\" data-orig-size=\"1024,759\" data-comments-opened=\"1\" data-image-meta=\"{&quot;aperture&quot;:&quot;1,9&quot;,&quot;credit&quot;:&quot;&quot;,&quot;camera&quot;:&quot;Aquaris E5&quot;,&quot;caption&quot;:&quot;&quot;,&quot;created_timestamp&quot;:&quot;1542729407&quot;,&quot;copyright&quot;:&quot;info@ociomodell.com&quot;,&quot;focal_length&quot;:&quot;4,6&quot;,&quot;iso&quot;:&quot;300&quot;,&quot;shutter_speed&quot;:&quot;0,05&quot;,&quot;title&quot;:&quot;&quot;,&quot;orientation&quot;:&quot;1&quot;}\" data-image-title=\"H\u00e9rcules C-130, espa\u00f1ol de camuflaje, escala 1\/72 de airfix, con calcas de tren militar\u00eda. Hecho por David Perez.\" data-image-description=\"&lt;p&gt;H\u00e9rcules C-130, espa\u00f1ol de camuflaje, escala 1\/72 de airfix, con calcas de tren militar\u00eda. Hecho por David Perez.&lt;\/p&gt;\n\" data-image-caption=\"&lt;p&gt;H\u00e9rcules C-130, espa\u00f1ol de camuflaje, escala 1\/72 de airfix, con calcas de tren militar\u00eda. Hecho por David Perez.&lt;\/p&gt;\n\" data-large-file=\"https:\/\/blog.ociomodell.com\/wordpress\/wp-content\/uploads\/2018\/11\/IMG_20181120_155647-1024x759.jpg\" title=\"\"><\/a>\n\t\t\t<\/dt>\n\t\t\t\t<dd class='wp-caption-text gallery-caption' id='gallery-1-4387'>\n\t\t\t\tH\u00e9rcules C-130, espa\u00f1ol de camuflaje, escala 1\/72 de airfix, con calcas de tren militar\u00eda. Hecho por David Perez.\n\t\t\t\t<\/dd><\/dl><br style=\"clear: both\" \/><dl class='gallery-item'>\n\t\t\t<dt class='gallery-icon landscape'>\n\t\t\t\t<a href='https:\/\/blog.ociomodell.com\/wordpress\/mis-casitas-de-munecas\/fotos-de-modelos\/aviones\/hercules-c-130-de-david-perez\/img_20181120_154832\/'><img loading=\"lazy\" decoding=\"async\" width=\"1024\" height=\"759\" src=\"https:\/\/blog.ociomodell.com\/wordpress\/wp-content\/uploads\/2018\/11\/IMG_20181120_154832-1024x759.jpg\" class=\"attachment-large size-large\" alt=\"H\u00e9rcules C-130, espa\u00f1ol de camuflaje, escala 1\/72 de airfix, con calcas de tren militar\u00eda. Hecho por David Perez.\" aria-describedby=\"gallery-1-4388\" srcset=\"https:\/\/blog.ociomodell.com\/wordpress\/wp-content\/uploads\/2018\/11\/IMG_20181120_154832.jpg 1024w, https:\/\/blog.ociomodell.com\/wordpress\/wp-content\/uploads\/2018\/11\/IMG_20181120_154832-300x222.jpg 300w, https:\/\/blog.ociomodell.com\/wordpress\/wp-content\/uploads\/2018\/11\/IMG_20181120_154832-768x569.jpg 768w, https:\/\/blog.ociomodell.com\/wordpress\/wp-content\/uploads\/2018\/11\/IMG_20181120_154832-250x185.jpg 250w\" sizes=\"auto, (max-width: 1024px) 100vw, 1024px\" data-attachment-id=\"4388\" data-permalink=\"https:\/\/blog.ociomodell.com\/wordpress\/mis-casitas-de-munecas\/fotos-de-modelos\/aviones\/hercules-c-130-de-david-perez\/img_20181120_154832\/\" data-orig-file=\"https:\/\/blog.ociomodell.com\/wordpress\/wp-content\/uploads\/2018\/11\/IMG_20181120_154832.jpg\" data-orig-size=\"1024,759\" data-comments-opened=\"1\" data-image-meta=\"{&quot;aperture&quot;:&quot;1,9&quot;,&quot;credit&quot;:&quot;&quot;,&quot;camera&quot;:&quot;Aquaris E5&quot;,&quot;caption&quot;:&quot;&quot;,&quot;created_timestamp&quot;:&quot;1542728912&quot;,&quot;copyright&quot;:&quot;info@ociomodell.com&quot;,&quot;focal_length&quot;:&quot;4,6&quot;,&quot;iso&quot;:&quot;300&quot;,&quot;shutter_speed&quot;:&quot;0,05&quot;,&quot;title&quot;:&quot;&quot;,&quot;orientation&quot;:&quot;1&quot;}\" data-image-title=\"H\u00e9rcules C-130, espa\u00f1ol de camuflaje, escala 1\/72 de airfix, con calcas de tren militar\u00eda. Hecho por David Perez.\" data-image-description=\"&lt;p&gt;H\u00e9rcules C-130, espa\u00f1ol de camuflaje, escala 1\/72 de airfix, con calcas de tren militar\u00eda. Hecho por David Perez.&lt;\/p&gt;\n\" data-image-caption=\"&lt;p&gt;H\u00e9rcules C-130, espa\u00f1ol de camuflaje, escala 1\/72 de airfix, con calcas de tren militar\u00eda. Hecho por David Perez.&lt;\/p&gt;\n\" data-large-file=\"https:\/\/blog.ociomodell.com\/wordpress\/wp-content\/uploads\/2018\/11\/IMG_20181120_154832-1024x759.jpg\" title=\"\"><\/a>\n\t\t\t<\/dt>\n\t\t\t\t<dd class='wp-caption-text gallery-caption' id='gallery-1-4388'>\n\t\t\t\tH\u00e9rcules C-130, espa\u00f1ol de camuflaje, escala 1\/72 de airfix, con calcas de tren militar\u00eda. Hecho por David Perez.\n\t\t\t\t<\/dd><\/dl><br style=\"clear: both\" \/><dl class='gallery-item'>\n\t\t\t<dt class='gallery-icon landscape'>\n\t\t\t\t<a href='https:\/\/blog.ociomodell.com\/wordpress\/mis-casitas-de-munecas\/fotos-de-modelos\/aviones\/hercules-c-130-de-david-perez\/img_20181120_155657\/'><img loading=\"lazy\" decoding=\"async\" width=\"1024\" height=\"759\" src=\"https:\/\/blog.ociomodell.com\/wordpress\/wp-content\/uploads\/2018\/11\/IMG_20181120_155657-1024x759.jpg\" class=\"attachment-large size-large\" alt=\"H\u00e9rcules C-130, espa\u00f1ol de camuflaje, escala 1\/72 de airfix, con calcas de tren militar\u00eda. Hecho por David Perez.\" aria-describedby=\"gallery-1-4389\" srcset=\"https:\/\/blog.ociomodell.com\/wordpress\/wp-content\/uploads\/2018\/11\/IMG_20181120_155657.jpg 1024w, https:\/\/blog.ociomodell.com\/wordpress\/wp-content\/uploads\/2018\/11\/IMG_20181120_155657-300x222.jpg 300w, https:\/\/blog.ociomodell.com\/wordpress\/wp-content\/uploads\/2018\/11\/IMG_20181120_155657-768x569.jpg 768w, https:\/\/blog.ociomodell.com\/wordpress\/wp-content\/uploads\/2018\/11\/IMG_20181120_155657-250x185.jpg 250w\" sizes=\"auto, (max-width: 1024px) 100vw, 1024px\" data-attachment-id=\"4389\" data-permalink=\"https:\/\/blog.ociomodell.com\/wordpress\/mis-casitas-de-munecas\/fotos-de-modelos\/aviones\/hercules-c-130-de-david-perez\/img_20181120_155657\/\" data-orig-file=\"https:\/\/blog.ociomodell.com\/wordpress\/wp-content\/uploads\/2018\/11\/IMG_20181120_155657.jpg\" data-orig-size=\"1024,759\" data-comments-opened=\"1\" data-image-meta=\"{&quot;aperture&quot;:&quot;1,9&quot;,&quot;credit&quot;:&quot;&quot;,&quot;camera&quot;:&quot;Aquaris E5&quot;,&quot;caption&quot;:&quot;&quot;,&quot;created_timestamp&quot;:&quot;1542729417&quot;,&quot;copyright&quot;:&quot;info@ociomodell.com&quot;,&quot;focal_length&quot;:&quot;4,6&quot;,&quot;iso&quot;:&quot;400&quot;,&quot;shutter_speed&quot;:&quot;0,05&quot;,&quot;title&quot;:&quot;&quot;,&quot;orientation&quot;:&quot;1&quot;}\" data-image-title=\"H\u00e9rcules C-130, espa\u00f1ol de camuflaje, escala 1\/72 de airfix, con calcas de tren militar\u00eda. Hecho por David Perez.\" data-image-description=\"&lt;p&gt;H\u00e9rcules C-130, espa\u00f1ol de camuflaje, escala 1\/72 de airfix, con calcas de tren militar\u00eda. Hecho por David Perez.&lt;\/p&gt;\n\" data-image-caption=\"&lt;p&gt;H\u00e9rcules C-130, espa\u00f1ol de camuflaje, escala 1\/72 de airfix, con calcas de tren militar\u00eda. Hecho por David Perez.&lt;\/p&gt;\n\" data-large-file=\"https:\/\/blog.ociomodell.com\/wordpress\/wp-content\/uploads\/2018\/11\/IMG_20181120_155657-1024x759.jpg\" title=\"\"><\/a>\n\t\t\t<\/dt>\n\t\t\t\t<dd class='wp-caption-text gallery-caption' id='gallery-1-4389'>\n\t\t\t\tH\u00e9rcules C-130, espa\u00f1ol de camuflaje, escala 1\/72 de airfix, con calcas de tren militar\u00eda. Hecho por David Perez.\n\t\t\t\t<\/dd><\/dl><br style=\"clear: both\" \/>\n\t\t<\/div>\n\n<p>&nbsp;<\/p>\n<p>&nbsp;<\/p>\n","protected":false},"excerpt":{"rendered":"<p>H\u00e9rcules C-130, espa\u00f1ol de camuflaje, escala 1\/72 de airfix, con calcas de tren militar\u00eda. Hecho por David Perez. &nbsp; &nbsp; &nbsp;<\/p>\n","protected":false},"author":2,"featured_media":0,"parent":3300,"menu_order":0,"comment_status":"closed","ping_status":"closed","template":"","meta":{"jetpack_post_was_ever_published":false,"footnotes":"","_links_to":"","_links_to_target":""},"class_list":["post-4377","page","type-page","status-publish","hentry"],"jetpack_sharing_enabled":true,"jetpack_likes_enabled":true,"jetpack-related-posts":[{"id":3300,"url":"https:\/\/blog.ociomodell.com\/wordpress\/mis-casitas-de-munecas\/fotos-de-modelos\/aviones\/","url_meta":{"origin":4377,"position":0},"title":"Aviones","author":"Paco Gomez","date":"7 junio, 2018","format":false,"excerpt":"ANTONOV A40 CAZA ALEMAN CAZA F105 Hercules C-130 SNOWSPEEDER STAR WARS SPITFIRE","rel":"","context":"En \u00abaviones\u00bb","block_context":{"text":"aviones","link":"https:\/\/blog.ociomodell.com\/wordpress\/tag\/aviones\/"},"img":{"alt_text":"","src":"","width":0,"height":0},"classes":[]},{"id":4422,"url":"https:\/\/blog.ociomodell.com\/wordpress\/mis-casitas-de-munecas\/fotos-de-modelos\/aviones\/casa-c-212-10\/","url_meta":{"origin":4377,"position":1},"title":"Casa C &#8211; 212 &#8211; 10","author":"Paco Gomez","date":"10 diciembre, 2018","format":false,"excerpt":"Casa C-212 hecho por Ricardo Yubero a escala 1\/72 y de la marca Special hobby . \u00a0","rel":"","context":"En \u00abautom\u00e1tico\u00bb","block_context":{"text":"autom\u00e1tico","link":"https:\/\/blog.ociomodell.com\/wordpress\/tag\/automatico\/"},"img":{"alt_text":"Casa C-212 hecho por Ricardo Yubero a escala 1\/72 y de la marca Special hobby .","src":"https:\/\/i0.wp.com\/blog.ociomodell.com\/wordpress\/wp-content\/uploads\/2018\/12\/IMG-20181209-WA0002-1024x768.jpg?resize=350%2C200&ssl=1","width":350,"height":200,"srcset":"https:\/\/i0.wp.com\/blog.ociomodell.com\/wordpress\/wp-content\/uploads\/2018\/12\/IMG-20181209-WA0002-1024x768.jpg?resize=350%2C200&ssl=1 1x, https:\/\/i0.wp.com\/blog.ociomodell.com\/wordpress\/wp-content\/uploads\/2018\/12\/IMG-20181209-WA0002-1024x768.jpg?resize=525%2C300&ssl=1 1.5x, https:\/\/i0.wp.com\/blog.ociomodell.com\/wordpress\/wp-content\/uploads\/2018\/12\/IMG-20181209-WA0002-1024x768.jpg?resize=700%2C400&ssl=1 2x"},"classes":[]},{"id":8213,"url":"https:\/\/blog.ociomodell.com\/wordpress\/clients\/demostraciones-de-paso-a-paso-de-realizacion-de-diversas-tecnicas\/premium-color-pintura-para-aerografo\/","url_meta":{"origin":4377,"position":2},"title":"Premium color &#8211; pintura para aer\u00f3grafo &#8211; Vallejo","author":"Paco Gomez","date":"26 agosto, 2023","format":false,"excerpt":"Premium Color es una pintura para aer\u00f3grafo a base de agua, vers\u00e1til y adecuada para todas superficies, especialmente formulada para una \u00f3ptima adherencia en metales, fibra de vidrio, polietileno, policarbonato Lexan, slot y carrocer\u00edas de radio control. Los colores son id\u00f3neos para pintar cascos, dep\u00f3sitos de motos, autom\u00f3viles (tuning) etc.\u2026","rel":"","context":"Entrada similar","block_context":{"text":"Entrada similar","link":""},"img":{"alt_text":"Vallejo - Premium_Color","src":"https:\/\/i0.wp.com\/blog.ociomodell.com\/wordpress\/wp-content\/uploads\/2023\/08\/vallejo-CC081-Premium_Color-Rev08-baja.jpg?resize=350%2C200&ssl=1","width":350,"height":200},"classes":[]}],"jetpack_shortlink":"https:\/\/wp.me\/P7mZwQ-18B","_links":{"self":[{"href":"https:\/\/blog.ociomodell.com\/wordpress\/wp-json\/wp\/v2\/pages\/4377","targetHints":{"allow":["GET"]}}],"collection":[{"href":"https:\/\/blog.ociomodell.com\/wordpress\/wp-json\/wp\/v2\/pages"}],"about":[{"href":"https:\/\/blog.ociomodell.com\/wordpress\/wp-json\/wp\/v2\/types\/page"}],"author":[{"embeddable":true,"href":"https:\/\/blog.ociomodell.com\/wordpress\/wp-json\/wp\/v2\/users\/2"}],"replies":[{"embeddable":true,"href":"https:\/\/blog.ociomodell.com\/wordpress\/wp-json\/wp\/v2\/comments?post=4377"}],"version-history":[{"count":0,"href":"https:\/\/blog.ociomodell.com\/wordpress\/wp-json\/wp\/v2\/pages\/4377\/revisions"}],"up":[{"embeddable":true,"href":"https:\/\/blog.ociomodell.com\/wordpress\/wp-json\/wp\/v2\/pages\/3300"}],"wp:attachment":[{"href":"https:\/\/blog.ociomodell.com\/wordpress\/wp-json\/wp\/v2\/media?parent=4377"}],"curies":[{"name":"wp","href":"https:\/\/api.w.org\/{rel}","templated":true}]}}